{"id":1393,"date":"2018-11-17T14:19:26","date_gmt":"2018-11-17T14:19:26","guid":{"rendered":"http:\/\/eduganda.org\/?page_id=1393"},"modified":"2018-11-17T14:21:09","modified_gmt":"2018-11-17T14:21:09","slug":"statut-fundacji","status":"publish","type":"page","link":"https:\/\/eduganda.org\/index.php\/statut-fundacji\/","title":{"rendered":"Statut Fundacji"},"content":{"rendered":"<h1>Statut Fundacji \u201eEDUganda\u201d<\/h1>\n<pre>Tekst jednolity na dzie\u0144 30 lipca 2018 r.<\/pre>\n<h2 style=\"text-align: center;\">ROZDZIA\u0141 I<br \/>\nPOSTANOWIENIA OG\u00d3LNE<\/h2>\n<p style=\"text-align: center;\"><strong>\u00a71<\/strong><\/p>\n<p style=\"text-align: left;\">Fundacja \u201eEDUganda\u201d, zwana dalej \u201eFundacj\u0105\u201d zosta\u0142a ustanowiona przez Fundatora Ma\u0142gorzat\u0119 Wildner, zwan\u0105 dalej \u201eFundatorem\u201d aktem notarialnym (Repertorium A NR 3299\/2018) sporz\u0105dzonym przez notariusza Piotra Marquardta w Kancelarii Notarialnej w Katowicach przy ulicy PCK numer 10\/2.<\/p>\n<p style=\"text-align: center;\"><strong>\u00a72<\/strong><\/p>\n<p style=\"text-align: left;\">Fundacja posiada osobowo\u015b\u0107 prawn\u0105.<\/p>\n<p style=\"text-align: center;\"><strong>\u00a73<\/strong><\/p>\n<p style=\"text-align: left;\">Siedzib\u0105 Fundacji jest miasto Mys\u0142owice.<\/p>\n<p style=\"text-align: center;\"><strong>\u00a74<\/strong><\/p>\n<p style=\"text-align: left;\">Fundacja prowadzi dzia\u0142alno\u015b\u0107 na terenie Rzeczpospolitej Polskiej oraz poza jej granicami.<\/p>\n<p style=\"text-align: center;\"><strong>\u00a75<\/strong><\/p>\n<p style=\"text-align: left;\">Fundacja zosta\u0142a ustanowiona na czas nieoznaczony.<\/p>\n<p style=\"text-align: center;\"><strong>\u00a76<\/strong><\/p>\n<p style=\"text-align: left;\">Fundacja mo\u017ce ustanawia\u0107 odznaki, medale honorowe, dyplomy i inne wyr\u00f3\u017cnienia i przyznawa\u0107 je osobom fizycznym i prawnym zas\u0142u\u017conym dla Fundacji.<\/p>\n<p style=\"text-align: center;\"><strong>\u00a77<\/strong><\/p>\n<p style=\"text-align: left;\">Fundacja mo\u017ce u\u017cywa\u0107 odznak i piecz\u0119ci na zasadach okre\u015blonych w przepisach szczeg\u00f3lnych.<\/p>\n<p style=\"text-align: center;\"><strong>\u00a78<\/strong><\/p>\n<p style=\"text-align: left;\">Fundacja mo\u017ce tworzy\u0107 sta\u0142e i czasowe oddzia\u0142y terenowe, zak\u0142ady, filie lub przedstawicielstwa, mo\u017ce \u0142\u0105czy\u0107 si\u0119 z innymi fundacjami oraz wchodzi\u0107 w sk\u0142ad stowarzysze\u0144 w kraju i za granic\u0105. Decyzj\u0119 w tym przedmiocie podejmuje Fundator. Fundacja mo\u017ce by\u0107 cz\u0142onkiem krajowych i mi\u0119dzynarodowych organizacji o podobnym celu dzia\u0142ania. Decyzj\u0119 w tym przedmiocie podejmuje Fundator.<\/p>\n<p style=\"text-align: center;\"><strong>\u00a79<\/strong><\/p>\n<p style=\"text-align: left;\">Fundacja dzia\u0142a na podstawie prawa polskiego oraz postanowie\u0144 niniejszego Statutu.<\/p>\n<h2 style=\"text-align: center;\">ROZDZIA\u0141 II<br \/>\nCELE FUNDACJI I SPOSOBY ICH REALIZACJI<\/h2>\n<p style=\"text-align: center;\"><strong>\u00a710<\/strong><\/p>\n<p>Celem dzia\u0142ania Fundacji s\u0105:<br \/>\n&#8211; organizowanie i niesienie kompleksowej pomocy w ramach dzia\u0142alno\u015bci spo\u0142ecznie u\u017cytecznej dla dobra og\u00f3\u0142u;<br \/>\n&#8211; zadaniami priorytetowymi jest realizacja cel\u00f3w statutowych, kt\u00f3re maj\u0105 wp\u0142yw na poziom edukacji spo\u0142ecze\u0144stwa, jak r\u00f3wnie\u017c na poziom kultury i zdrowia, w szczeg\u00f3lno\u015bci:<br \/>\na) wspomaganie rozwoju nauki, edukacji o\u015bwiaty i wychowania;<br \/>\nb) wspieranie i promowanie dzia\u0142a\u0144 edukacyjno-o\u015bwiatowych dzieci, m\u0142odzie\u017cy<br \/>\ni doros\u0142ych;<br \/>\nc) niesienie pomocy dzieciom szczeg\u00f3lnie uzdolnionym, znajduj\u0105cym si\u0119 w trudnej sytuacji materialnej;<br \/>\nd) udzielanie pomocy plac\u00f3wkom wychowawczym, o\u015bwiatowym i opieku\u0144czym;<br \/>\ne) podejmowanie i wspieranie dzia\u0142a\u0144 w zakresie szerzenia o\u015bwiaty w\u015br\u00f3d os\u00f3b<br \/>\ni dzieci maj\u0105cych do niej utrudniony dost\u0119p;<br \/>\nf) doskonalenie umiej\u0119tno\u015bci i podnoszenie kwalifikacji zawodowych m\u0142odzie\u017cy<br \/>\ni doros\u0142ych;<br \/>\ng) wspieranie os\u00f3b i rodzin wymagaj\u0105cych szczeg\u00f3lnej opieki i pomocy;<br \/>\nh) podejmowanie dzia\u0142a\u0144 psychologicznych, pedagogicznych, medycznych, opieku\u0144czych, prawnych na rzecz os\u00f3b potrzebuj\u0105cych i ich otoczenia;<br \/>\ni) wspieranie inicjatyw s\u0142u\u017c\u0105cych celowi Fundacji oraz popieranie nowatorskich projekt\u00f3w w tej dziedzinie;<br \/>\nj) prowadzenie dzia\u0142alno\u015bci charytatywnej.<\/p>\n<p style=\"text-align: center;\"><strong>\u00a711<\/strong><\/p>\n<p>Swoje cele Fundacja realizuje w szczeg\u00f3lno\u015bci poprzez:<br \/>\na) Inicjowanie i organizowanie akcji maj\u0105cych na celu zebranie \u015brodk\u00f3w finansowych na rzecz Fundacji, takich jak: wystawy, pokazy, odczyty, aukcje, zbi\u00f3rki i inne;<br \/>\nb) rganizowanie i pomoc w dzia\u0142aniach szkoleniowych, prowadzenie wyk\u0142ad\u00f3w, sympozj\u00f3w, seminari\u00f3w, warsztat\u00f3w naukowych, konferencji maj\u0105cych za zadanie przekazywanie wiedzy i wymian\u0119 do\u015bwiadcze\u0144 statutowych Fundacji;<br \/>\nc) Pobudzanie, organizowanie i prowadzenie edukacji przez ca\u0142e \u017cycie;<br \/>\nd) Wsp\u00f3\u0142prac\u0119 z osobami i instytucjami w zakresie zbierania informacji, wymiany do\u015bwiadcze\u0144 i tworzenia nowych rozwi\u0105za\u0144 w dziedzinie edukacji;<br \/>\ne) Organizowanie, zaopatrywanie, prowadzenie zbi\u00f3rek artyku\u0142\u00f3w szkolnych, ubra\u0144, \u015brodk\u00f3w higienicznych i artyku\u0142\u00f3w pierwszej potrzeby;<br \/>\nf) Organizowanie samopomocy i wsp\u00f3lnej realizacji zainteresowa\u0144 i potrzeb;<br \/>\ng) Inspirowanie r\u00f3\u017cnych form ofiarno\u015bci spo\u0142ecznej na rzecz os\u00f3b potrzebuj\u0105cych;<br \/>\nh) Rozwijanie aktywno\u015bci spo\u0142ecznej, zawodowej, o\u015bwiatowej, kulturalnej;<br \/>\ni) Organizacj\u0119 wydarze\u0144 kulturalnych i artystycznych, w szczeg\u00f3lno\u015bci o charakterze charytatywnym;<br \/>\nj) Prowadzenie dzia\u0142alno\u015bci informacyjnej, wydawniczej, publikowanie prac naukowych;<br \/>\nk) Wsp\u00f3\u0142prac\u0119 z instytucjami pa\u0144stwowymi i samorz\u0105dowymi, o\u015brodkami pomocy spo\u0142ecznej, organizacjami pozarz\u0105dowymi, instytucjami sektora prywatnego, organizacjami ko\u015bcielnymi, instytucjami Unii Europejskiej oraz osobami fizycznymi w kraju i za granic\u0105 w celu realizacji zada\u0144 statutowych;<br \/>\nl) Wsp\u00f3\u0142prac\u0119 z instytucjami \u015bwiata kultury, nauki, organizacjami spo\u0142ecznymi, \u015brodkami masowego przekazu oraz innymi podmiotami lokalnymi, krajowymi, zagranicznymi, jak i mi\u0119dzynarodowymi stawiaj\u0105cymi sobie cele zbie\u017cne z celami Fundacji;<br \/>\nm) Propagowanie kierunk\u00f3w dzia\u0142ania Fundacji celem pozyskania donator\u00f3w, zapis\u00f3w, spadk\u00f3w, darowizn, na realizacj\u0119 cel\u00f3w statutowych;<br \/>\nn) Wspieranie i organizacja wolontariatu;<br \/>\no) Inne przedsi\u0119wzi\u0119cia zmierzaj\u0105ce do realizacji i osi\u0105gania cel\u00f3w uj\u0119tych<br \/>\nw statucie.<\/p>\n<p style=\"text-align: center;\"><strong>\u00a712<\/strong><\/p>\n<p>Dla osi\u0105gni\u0119cia swych cel\u00f3w Fundacja mo\u017ce wspiera\u0107 dzia\u0142alno\u015b\u0107 innych os\u00f3b prawnych oraz os\u00f3b fizycznych, kt\u00f3rych dzia\u0142alno\u015b\u0107 jest zbie\u017cna z celami Fundacji.<\/p>\n<h2 style=\"text-align: center;\">ROZDZIA\u0141 III<br \/>\nMAJ\u0104TEK I DOCHODY FUNDACJI<\/h2>\n<p style=\"text-align: center;\"><strong>\u00a713<\/strong><\/p>\n<p style=\"text-align: left;\">Maj\u0105tek Fundacji stanowi fundusz za\u0142o\u017cycielski, na kt\u00f3ry sk\u0142ada si\u0119 wk\u0142ad przekazany przez Fundatora w wysoko\u015bci 1.000,00 z\u0142 (jeden tysi\u0105c z\u0142otych), kt\u00f3ra b\u0119dzie stanowi\u0142a fundusz za\u0142o\u017cycielski Fundacji.<br \/>\nPonadto maj\u0105tek Fundacji stanowi\u0105 dochody Fundacji w postaci \u015brodk\u00f3w finansowych i innych sk\u0142adnik\u00f3w maj\u0105tkowych nabytych przez Fundacj\u0119 w toku jej dzia\u0142ania.<\/p>\n<p style=\"text-align: center;\"><strong>\u00a714<\/strong><\/p>\n<p style=\"text-align: left;\">Dzia\u0142alno\u015b\u0107 Fundacji finansowana jest ze \u015brodk\u00f3w pochodz\u0105cych mi\u0119dzy innymi:<br \/>\na) ze \u015bwiadcze\u0144 Fundatora;<br \/>\nb) z darowizn, dotacji, subwencji, ofiarno\u015bci publicznej, spadk\u00f3w, zapis\u00f3w oraz innych przysporze\u0144 maj\u0105tkowych czynionych na rzecz Fundacji przez krajowe i zagraniczne osoby prawne lub fizyczne, oraz jednostki nieposiadaj\u0105ce osobowo\u015bci prawnej;<br \/>\nc) ze zbi\u00f3rek publicznych i dochod\u00f3w z imprez publicznych organizowanych przez lub na rzecz Fundacji;<br \/>\nd) z po\u017cytk\u00f3w maj\u0105tku nieruchomego i ruchomego;<br \/>\ne) z po\u017cytk\u00f3w z innych praw maj\u0105tkowych;<br \/>\nf) z odsetek kapita\u0142owych;<br \/>\ng) z dochod\u00f3w z dzia\u0142alno\u015bci odp\u0142atnej;<br \/>\nh) z dzia\u0142alno\u015bci gospodarczej.<\/p>\n<p style=\"text-align: center;\"><strong>\u00a715<\/strong><\/p>\n<p>W przypadku powo\u0142ania Fundacji do dziedziczenia, Zarz\u0105d Fundacji sk\u0142ada o\u015bwiadczenie<br \/>\no przyj\u0119ciu spadku z dobrodziejstwem inwentarza, i to tylko w\u00f3wczas, gdy w chwili sk\u0142adania tego o\u015bwiadczenia jest oczywiste, \u017ce stan czynny spadku znacznie przewy\u017csza d\u0142ugi spadkowe.<\/p>\n<p style=\"text-align: center;\"><strong>\u00a716<\/strong><\/p>\n<p>Doch\u00f3d Fundacji przeznaczony jest na dzia\u0142alno\u015b\u0107 statutow\u0105 Fundacji.<\/p>\n<p style=\"text-align: center;\"><strong>\u00a717<\/strong><\/p>\n<p>Fundacja odpowiada za swoje zobowi\u0105zania ca\u0142ym swoim maj\u0105tkiem.<\/p>\n<p style=\"text-align: center;\"><strong>\u00a718<\/strong><\/p>\n<p>Zabronione jest:<br \/>\na) udzielanie po\u017cyczek lub zabezpieczania zobowi\u0105za\u0144 maj\u0105tkiem fundacji w stosunku do jej cz\u0142onk\u00f3w, cz\u0142onk\u00f3w organ\u00f3w lub pracownik\u00f3w oraz os\u00f3b, z kt\u00f3rymi cz\u0142onkowie, cz\u0142onkowie organ\u00f3w oraz pracownicy fundacji pozostaj\u0105<br \/>\nw zwi\u0105zku ma\u0142\u017ce\u0144skim, we wsp\u00f3lnym po\u017cyciu albo w stosunku pokrewie\u0144stwa lub powinowactwa w linii prostej, pokrewie\u0144stwa lub powinowactwa w linii bocznej do drugiego stopnia albo s\u0105 zwi\u0105zani z tytu\u0142u przysposobienia, opieki lub kurateli, zwanych dalej \u201eosobami bliskimi\u201d;<br \/>\nb) przekazywanie maj\u0105tku fundacji na rzecz ich cz\u0142onk\u00f3w, cz\u0142onk\u00f3w organ\u00f3w lub pracownik\u00f3w oraz ich os\u00f3b bliskich, na zasadach innych ni\u017c w stosunku do os\u00f3b trzecich, w szczeg\u00f3lno\u015bci, je\u017celi przekazanie to nast\u0119puje bezp\u0142atnie lub na preferencyjnych warunkach;<br \/>\nc) wykorzystywanie maj\u0105tku na rzecz cz\u0142onk\u00f3w, cz\u0142onk\u00f3w organ\u00f3w lub pracownik\u00f3w oraz ich os\u00f3b bliskich na zasadach innych ni\u017c w stosunku do os\u00f3b trzecich, chyba \u017ce to wykorzystanie bezpo\u015brednio wynika z celu statutowego;<br \/>\nd) dokonywanie zakupu towar\u00f3w lub us\u0142ug od podmiot\u00f3w, w kt\u00f3rych uczestnicz\u0105 cz\u0142onkowie fundacji, cz\u0142onkowie jej organ\u00f3w lub pracownicy oraz ich os\u00f3b bliskich, na zasadach innych ni\u017c w stosunku do os\u00f3b trzecich lub po cenach wy\u017cszych ni\u017c rynkowe.<\/p>\n<h2 style=\"text-align: center;\">ROZDZIA\u0141 IV<br \/>\nORGANY FUNDACJI<\/h2>\n<p style=\"text-align: center;\"><strong>\u00a719<\/strong><\/p>\n<p>Organami Fundacji s\u0105:<br \/>\n1) Rada Fundacji,<br \/>\n2) Zarz\u0105d Fundacji.<\/p>\n<p style=\"text-align: center;\"><strong>\u00a720<\/strong><\/p>\n<p>1. Rada Fundacji sk\u0142ada si\u0119 z 3 do 6 cz\u0142onk\u00f3w i jest wybierana na pi\u0119cioletni\u0105 kadencj\u0119.<br \/>\n2. Pracami Rady Fundacji kieruj\u0105 Przewodnicz\u0105cy i sekretarz Rady Fundacji wybierani spo\u015br\u00f3d cz\u0142onk\u00f3w Rady Fundacji.<br \/>\n3. Cz\u0142onk\u00f3w pierwszego sk\u0142adu Rady powo\u0142uje Fundator. Nast\u0119pnych cz\u0142onk\u00f3w Rady na miejsce os\u00f3b, kt\u00f3re przesta\u0142y pe\u0142ni\u0107 t\u0119 funkcj\u0119 lub dla rozszerzenia sk\u0142adu Rady, powo\u0142uje sw\u0105 decyzj\u0105 Rada.<br \/>\n4. Cz\u0142onkowie Rady Fundacji:<br \/>\na. nie mog\u0105 by\u0107 cz\u0142onkami Zarz\u0105du Fundacji ani pozostawa\u0107 z nimi w zwi\u0105zku ma\u0142\u017ce\u0144skim,we wsp\u00f3lnym po\u017cyciu, w stosunku pokrewie\u0144stwa, powinowactwa lub podleg\u0142o\u015bci s\u0142u\u017cbowej,<br \/>\nb. nie byli skazani prawomocnym wyrokiem za przest\u0119pstwo umy\u015blne \u015bcigane<br \/>\nz oskar\u017cenia publicznego lub przest\u0119pstwo skarbowe,<br \/>\nc. mog\u0105 otrzymywa\u0107 z tytu\u0142u pe\u0142nienia funkcji w tym organie zwrot uzasadnionych koszt\u00f3w lub wynagrodzenie w wysoko\u015bci nie wy\u017cszej ni\u017c przeci\u0119tne miesi\u0119czne wynagrodzenie w sektorze przedsi\u0119biorstw og\u0142oszone przez Prezesa G\u0142\u00f3wnego Urz\u0119du Statystycznego za rok poprzedni.<br \/>\n5. Fundator, przed powo\u0142aniem cz\u0142onk\u00f3w Rady Fundacji, odbierze od kandydat\u00f3w o\u015bwiadczenia o spe\u0142nieniu przez te osoby wymog\u00f3w okre\u015blonych w ust. 4 pkt a i b oraz po powo\u0142aniu cz\u0142onk\u00f3w Rady Fundacji przeka\u017ce, z\u0142o\u017cone przez nich o\u015bwiadczenia, Zarz\u0105dowi Fundacji.<br \/>\n6. Cz\u0142onkostwo w Radzie Fundacji ustaje wskutek: ust\u0105pienia, \u015bmierci lub wykluczenia cz\u0142onka Rady.<br \/>\n7. Rada Fundacji wykluczy z Rady Fundacji cz\u0142onka, kt\u00f3ry nie spe\u0142nia wymog\u00f3w wskazanych w ust. 4 powy\u017cej lub te\u017c nie przed\u0142o\u017cy stosownych o\u015bwiadcze\u0144 w tym zakresie.<br \/>\n8. Decyzje i uchwa\u0142y Rady Fundacji zapadaj\u0105 wi\u0119kszo\u015bci\u0105 g\u0142os\u00f3w w obecno\u015bci conajmniej po\u0142owy aktualnej liczby cz\u0142onk\u00f3w Rady.<br \/>\n9. Decyzje i uchwa\u0142y Rady Fundacji wchodz\u0105 w \u017cycie z dniem ich podj\u0119cia.<\/p>\n<p style=\"text-align: center;\"><strong>\u00a721<\/strong><\/p>\n<p>1. Rada Fundacji jest organem opiniodawczym, kontrolnym i nadzorczym Fundacji.<br \/>\n2. Do zakresu dzia\u0142ania Rady Fundacji nale\u017cy:<br \/>\na. przyjmowanie okresowych sprawozda\u0144 Zarz\u0105du z dzia\u0142alno\u015bci Fundacji;<br \/>\nb. udzielanie Zarz\u0105dowi absolutorium, opiniowanie i zatwierdzanie rocznych i wieloletnich plan\u00f3w i program\u00f3w dzia\u0142ania Fundacji;<br \/>\nc. nadzorowanie dzia\u0142alno\u015bci Fundacji oraz Zarz\u0105du i podleg\u0142ych mu jednostek organizacyjnych;<br \/>\nd. kontrolowanie stanu maj\u0105tkowego, bilansu i wynik\u00f3w ekonomicznych Fundacji;<br \/>\ne. uchwalanie regulaminu prac Rady;<br \/>\nf. ustalanie maksymalnej wysoko\u015bci zobowi\u0105za\u0144, do kt\u00f3rej zaci\u0105gania Zarz\u0105d jest upowa\u017cniony samodzielnie, bez konieczno\u015bci otrzymywania zgody Rady Fundatora;<br \/>\ng. powo\u0142ywanie i odwo\u0142ywanie Zarz\u0105du Fundacji;<br \/>\n3. Rada Fundacji mo\u017ce powo\u0142ywa\u0107 zespo\u0142y doradc\u00f3w, komisje, rady naukowe itp.<\/p>\n<p style=\"text-align: center;\"><strong>\u00a722<\/strong><\/p>\n<p style=\"text-align: center;\">1. Posiedzenia Rady zwo\u0142uje Przewodnicz\u0105cy Rady z w\u0142asnej inicjatywy lub na wniosek Zarz\u0105du. Posiedzenia Rady winny si\u0119 odbywa\u0107 nie rzadziej ni\u017c dwa razy w roku.<br \/>\n2. Rada Fundacji ma prawo \u017c\u0105dania od Zarz\u0105du udzielania jej wyja\u015bnie\u0144 i udost\u0119pniania wszelkich dokument\u00f3w dotycz\u0105cych dzia\u0142ania Fundacji. Rada mo\u017ce korzysta\u0107 z pomocy rzeczoznawc\u00f3w i bieg\u0142ych.<br \/>\n3. O miejscu, terminie i porz\u0105dku obrad Zarz\u0105d, powiadamia cz\u0142onk\u00f3w Rady co najmniej na 14 dni przed terminem posiedzenia Rady wedle w\u0142asnego wyboru za po\u015brednictwem poczty elektronicznej, telefaksu, listu poleconego lub w drodze bezpo\u015bredniego zawiadomienia do r\u0105k w\u0142asnych. W sprawach pilnych dla cel\u00f3w lub istnienia Fundacji Zarz\u0105d mo\u017ce dokona\u0107 zawiadomienia o posiedzeniu Rady na 7 dni przed planowanym terminem.<\/p>\n<p><strong>\u00a723<\/strong><\/p>\n<p>1. Zarz\u0105d sk\u0142ada si\u0119 z 1 do 3 cz\u0142onk\u00f3w, w tym Prezesa powo\u0142ywanych przez Rad\u0119 Fundacji na 5 letni\u0105 kadencj\u0119.<br \/>\n2. Funkcj\u0119 cz\u0142onka Zarz\u0105du mo\u017cna pe\u0142ni\u0107 przez wi\u0119cej ni\u017c jedn\u0105 kadencj\u0119.<br \/>\n3. Pierwszy sk\u0142ad Zarz\u0105du, w tym Prezesa, powo\u0142uje Fundator.<br \/>\n4. Cz\u0142onkostwo w Zarz\u0105dzie ustaje na skutek:<br \/>\na. z\u0142o\u017cenia pisemnej rezygnacji na r\u0119ce Rady Fundacji;<br \/>\nb. utraty praw obywatelskich na skutek skazania prawomocnym wyrokiem s\u0105du za przest\u0119pstwo pope\u0142nione z winy umy\u015blnej;<br \/>\nc. \u015bmierci cz\u0142onka Zarz\u0105du.<br \/>\n5. W razie ust\u0105pienia lub \u015bmierci cz\u0142onka Zarz\u0105du w czasie kadencji sk\u0142ad Zarz\u0105du mo\u017ce zosta\u0107 uzupe\u0142niony przez Rad\u0119 Fundacji.<br \/>\n6. Mandat cz\u0142onka zarz\u0105du wygasa z dniem odbycia posiedzenia Rady Fundacji zatwierdzaj\u0105cego sprawozdanie finansowe za ostatni pe\u0142ny rok obrotowy pe\u0142nienia funkcji cz\u0142onka zarz\u0105du.<br \/>\n7. Fundator mo\u017ce zosta\u0107 cz\u0142onkiem Zarz\u0105du.<br \/>\n8. Zarz\u0105d Fundacji w ca\u0142o\u015bci lub jego poszczeg\u00f3lni cz\u0142onkowie mog\u0105 by\u0107 odwo\u0142ani przez Rad\u0119 Fundacji przed up\u0142ywem kadencji w drodze uchwa\u0142y podj\u0119tej jednomy\u015blnie przez wszystkich cz\u0142onk\u00f3w Rady.<\/p>\n<p style=\"text-align: center;\"><strong>\u00a724<\/strong><\/p>\n<p>1. Zarz\u0105d kieruje dzia\u0142alno\u015bci\u0105 Fundacji i reprezentuje j\u0105 na zewn\u0105trz.<br \/>\n2. Do kompetencji Zarz\u0105du w szczeg\u00f3lno\u015bci nale\u017cy:<br \/>\na. uchwalanie rocznych plan\u00f3w finansowych;<br \/>\nb. uchwalanie regulamin\u00f3w;<br \/>\nc. podejmowanie decyzji we wszelkich sprawach nieprzekazanych do kompetencji innych organ\u00f3w lub Fundatora;<br \/>\nd. tworzenie rocznych i wieloletnich plan\u00f3w dzia\u0142alno\u015bci Fundacji;<br \/>\ne. zatrudnianie, zwalnianie i ustalanie wysoko\u015bci wynagrodze\u0144 pracownik\u00f3w Fundacji;<br \/>\nf. sprawowanie zarz\u0105du nad maj\u0105tkiem Fundacji;<br \/>\ng. zaci\u0105ganie zobowi\u0105za\u0144 w imieniu Fundacji;<br \/>\nh. przyjmowanie darowizn, spadk\u00f3w, zapis\u00f3w, subwencji i dotacji.<\/p>\n<p style=\"text-align: center;\"><strong>\u00a725<\/strong><\/p>\n<p>1. Posiedzenia Zarz\u0105du odbywaj\u0105 si\u0119 w miar\u0119 potrzeby, nie rzadziej jednak ni\u017c raz na kwarta\u0142.<br \/>\n2. Posiedzenia Zarz\u0105du zwo\u0142uje Prezes z w\u0142asnej inicjatywy, na wniosek innego<br \/>\nz cz\u0142onk\u00f3w Zarz\u0105du lub Rady Fundacji.<br \/>\n3. Posiedzenia Zarz\u0105du prowadzi jego Prezes, a w razie jego nieobecno\u015bci cz\u0142onek Zarz\u0105du wybrany przez obecnych na posiedzeniu pozosta\u0142ych cz\u0142onk\u00f3w Zarz\u0105du.<br \/>\n4. Informacje o terminie posiedzenia Zarz\u0105du przesy\u0142a Prezes Zarz\u0105du poczt\u0105 elektroniczn\u0105, telefonicznie , pisemnie lub za pomoc\u0105 faxu albo w formie ustnego zawiadomienia.<br \/>\n5. O posiedzeniu Zarz\u0105du musz\u0105 zosta\u0107 poinformowani wszyscy cz\u0142onkowie Zarz\u0105du.<br \/>\n6. Zarz\u0105d podejmuje uchwa\u0142y zwyk\u0142\u0105 wi\u0119kszo\u015bci\u0105 g\u0142os\u00f3w w obecno\u015bci co najmniej dw\u00f3ch cz\u0142onk\u00f3w Zarz\u0105du. W razie r\u00f3wnej liczby g\u0142os\u00f3w rozstrzyga g\u0142os Prezesa Zarz\u0105du.<br \/>\n7. O\u015bwiadczenia woli w sprawach niemaj\u0105tkowych sk\u0142ada ka\u017cdy cz\u0142onek zarz\u0105du samodzielnie. O\u015bwiadczenia woli w sprawach maj\u0105tkowych o warto\u015bci nieprzekraczaj\u0105cej 20.000,00 z\u0142 w imieniu Fundacji sk\u0142ada prezes zarz\u0105du jednoosobowo lub dw\u00f3ch cz\u0142onk\u00f3w zarz\u0105du \u0142\u0105cznie. O\u015bwiadczenia woli w sprawach maj\u0105tkowych przekraczaj\u0105cych 20.000,00 z\u0142 sk\u0142ada prezes zarz\u0105du \u0142\u0105cznie z innym cz\u0142onkiem zarz\u0105du lub dw\u00f3ch cz\u0142onk\u00f3w zarz\u0105du \u0142\u0105cznie.<br \/>\n8. Osoby powo\u0142ane w sk\u0142ad Zarz\u0105du nie mog\u0105 by\u0107 skazane prawomocnym wyrokiem<br \/>\nza przest\u0119pstwo umy\u015blne \u015bcigane z oskar\u017cenia publicznego lub przest\u0119pstwo skarbowe.<br \/>\n9. Przy dokonaniu czynno\u015bci prawnej mi\u0119dzy Fundacj\u0105 a cz\u0142onkiem Zarz\u0105du, Fundacj\u0119 mo\u017ce reprezentowa\u0107 ka\u017cdy cz\u0142onek Zarz\u0105du, w tym r\u00f3wnie\u017c cz\u0142onek Zarz\u0105du b\u0119d\u0105cy drug\u0105 stron\u0105 tej czynno\u015bci prawnej, z tym \u017ce na dokonanie czynno\u015bci prawnej, kt\u00f3rej przedmiotem jest nabycie lub zbycie nieruchomo\u015bci, u\u017cytkowania wieczystego, lub udzia\u0142u w nieruchomo\u015bci, lub w prawie u\u017cytkowania wieczystego wymagana jest zgoda Rady Fundacji.<\/p>\n<p style=\"text-align: center;\"><strong>\u00a726<\/strong><\/p>\n<p>1. Cz\u0142onkowie Zarz\u0105du mog\u0105 pozostawa\u0107 z Fundacj\u0105 w stosunku pracy.<br \/>\n2. Wynagrodzenie cz\u0142onk\u00f3w Zarz\u0105du oraz Rady Fundacji okre\u015bla Fundator.<br \/>\n3. Umowy o prac\u0119 z pracownikami Fundacji podpisuje Prezes Zarz\u0105du. Umowy o prac\u0119 z cz\u0142onkami Zarz\u0105du podpisuje Fundator lub pe\u0142nomocnik ustanowiony przez Fundatora.<br \/>\n4. Wynagrodzenia dla cz\u0142onk\u00f3w Zarz\u0105du i pracownik\u00f3w Fundacji wyp\u0142acane s\u0105 ze \u015brodk\u00f3w Fundacji.<\/p>\n<h2 style=\"text-align: center;\">ROZDZIA\u0141 V<br \/>\nDZIA\u0141ALNO\u015a\u0106 FUNDACJI<\/h2>\n<p style=\"text-align: center;\"><strong>\u00a727<\/strong><\/p>\n<p>1. W zakresie cel\u00f3w i sposob\u00f3w realizacji cel\u00f3w statutowych Fundacja mo\u017ce prowadzi\u0107 dzia\u0142alno\u015b\u0107 nieodp\u0142atn\u0105 oraz dzia\u0142alno\u015b\u0107 odp\u0142atn\u0105 po\u017cytku publicznego.<br \/>\n2. Fundacja mo\u017ce prowadzi\u0107 statutow\u0105 dzia\u0142alno\u015b\u0107 nieodp\u0142atn\u0105 po\u017cytku publicznego w sferze zada\u0144 publicznych w zakresie:<br \/>\na. Dzia\u0142alno\u015b\u0107 wspomagaj\u0105ca edukacj\u0119 (85.60.Z);<br \/>\nb. Pozaszkolne formy edukacji sportowej oraz zaj\u0119\u0107 sportowych i rekreacyjnych (85.51.Z);<br \/>\nc. Pozaszkolne formy edukacji artystycznej (85.52.Z);<br \/>\nd. Nauka j\u0119zyk\u00f3w obcych (85.59.A);<br \/>\ne. Pozosta\u0142e pozaszkolne formy edukacji, gdzie indziej niesklasyfikowane (85.59.B);<br \/>\nf. Dzia\u0142alno\u015b\u0107 zwi\u0105zana z organizacj\u0105 targ\u00f3w, wystaw i kongres\u00f3w (82.30.Z);<br \/>\ng. Pozosta\u0142a dzia\u0142alno\u015b\u0107 w zakresie opieki zdrowotnej, gdzie indziej niesklasyfikowana (86.90.E);<br \/>\nh. Pomoc spo\u0142eczna bez zakwaterowania dla os\u00f3b w podesz\u0142ym wieku i os\u00f3b niepe\u0142nosprawnych (88.10.Z);<br \/>\ni. Pozosta\u0142a pomoc spo\u0142eczna bez zakwaterowania, gdzie indziej niesklasyfikowana (88.99.Z);<br \/>\nj. Pomoc spo\u0142eczna z zakwaterowaniem dla os\u00f3b w podesz\u0142ym wieku i os\u00f3b niepe\u0142nosprawnych (87.30.Z);<br \/>\nk. Wypo\u017cyczanie i dzier\u017cawa sprz\u0119tu rekreacyjnego i sportowego (77.21.Z);<br \/>\nl. Dzia\u0142alno\u015b\u0107 organizator\u00f3w turystyki (79.12.Z);<br \/>\nm. Dzia\u0142alno\u015b\u0107 paramedyczna (86.90.D);<br \/>\nn. Praktyka piel\u0119gniarek i po\u0142o\u017cnych (86.90.C);<br \/>\no. Szko\u0142y policealne (85.41.Z);<br \/>\np. Dzia\u0142alno\u015b\u0107 pozosta\u0142ych organizacji cz\u0142onkowskich, gdzie indziej niesklasyfikowana (94.99.Z);<br \/>\nq. Wydawanie ksi\u0105\u017cek (58.11.Z)<br \/>\nr. Wydawanie gazet (58.13 Z)<br \/>\ns. Wydawanie czasopism i pozosta\u0142ych periodyk\u00f3w (58.14 Z)<br \/>\nt. Pozosta\u0142a dzia\u0142alno\u015b\u0107 wydawnicza (58.19Z)<br \/>\nu. Sprzeda\u017c detaliczna prowadzona przez domy sprzeda\u017cy wysy\u0142kowej lub Internet (47.91.Z);<br \/>\nv. Pozosta\u0142a sprzeda\u017c detaliczna prowadzona poza sieci\u0105 sklepow\u0105, straganami i targowiskami (47.99.Z);<br \/>\nw. Sprzeda\u017c detaliczna prowadzona w niewyspecjalizowanych sklepach z przewag\u0105 \u017cywno\u015bci, napoj\u00f3w i wyrob\u00f3w tytoniowych (47.11.Z);<br \/>\nx. Pozosta\u0142a sprzeda\u017c detaliczna prowadzona w niewyspecjalizowanych sklepach (47.19.Z);<br \/>\ny. Sprzeda\u017c detaliczna \u017cywno\u015bci, napoj\u00f3w i wyrob\u00f3w tytoniowych prowadzona na straganach i targowiskach (47.81.Z);<br \/>\nz. Sprzeda\u017c detaliczna wyrob\u00f3w tekstylnych, odzie\u017cy i obuwia prowadzona na straganach i targowiskach (47.82.Z);<br \/>\naa. Sprzeda\u017c detaliczna pozosta\u0142ych wyrob\u00f3w prowadzona na straganach i targowiskach (47.89.Z)<br \/>\n3. Fundacja mo\u017ce prowadzi\u0107 statutow\u0105 dzia\u0142alno\u015b\u0107 odp\u0142atn\u0105 po\u017cytku publicznego<br \/>\nw sferze zada\u0144 publicznych w zakresie:<br \/>\na. Wypo\u017cyczanie i dzier\u017cawa sprz\u0119tu rekreacyjnego i sportowego (77.21.Z);<br \/>\nb. Dzia\u0142alno\u015b\u0107 wspomagaj\u0105ca edukacj\u0119 (85.60.Z);<br \/>\nc. Pozaszkolne formy edukacji sportowej oraz zaj\u0119\u0107 sportowych i rekreacyjnych (85.51.Z);<br \/>\nd. Pozaszkolne formy edukacji artystycznej (85.52.Z);<br \/>\ne. Nauka j\u0119zyk\u00f3w obcych (85.59.A);<br \/>\nf. Dzia\u0142alno\u015b\u0107 organizator\u00f3w turystyki (79.12.Z);<br \/>\ng. Dzia\u0142alno\u015b\u0107 zwi\u0105zana z organizacj\u0105 targ\u00f3w, wystaw i kongres\u00f3w (82.30.Z);<br \/>\nh. Pomoc spo\u0142eczna z zakwaterowaniem dla os\u00f3b w podesz\u0142ym wieku i os\u00f3b niepe\u0142nosprawnych (87.30.Z);<br \/>\ni. Pomoc spo\u0142eczna bez zakwaterowania dla os\u00f3b w podesz\u0142ym wieku i os\u00f3b niepe\u0142nosprawnych (88.10.Z);<br \/>\nj. Pozosta\u0142a pomoc spo\u0142eczna bez zakwaterowania, gdzie indziej niesklasyfikowana (88.99.Z);<br \/>\nk. Dzia\u0142alno\u015b\u0107 paramedyczna (86.90.D);<br \/>\nl. Pozosta\u0142a dzia\u0142alno\u015b\u0107 w zakresie opieki zdrowotnej, gdzie indziej niesklasyfikowana (86.90.E);<br \/>\nm. Praktyka piel\u0119gniarek i po\u0142o\u017cnych (86.90.C);<br \/>\nn. Szko\u0142y policealne (85.41.Z);<br \/>\no. Pozosta\u0142e pozaszkolne formy edukacji, gdzie indziej niesklasyfikowane (85.59.B),<br \/>\np. Dzia\u0142alno\u015b\u0107 pozosta\u0142ych organizacji cz\u0142onkowskich, gdzie indziej niesklasyfikowana (94.99.Z);<br \/>\nq. Wydawanie ksi\u0105\u017cek (58.11.Z)<br \/>\nr. Wydawanie gazet (58.13 Z)<br \/>\ns. Wydawanie czasopism i pozosta\u0142ych periodyk\u00f3w (58.14 Z)<br \/>\nt. Pozosta\u0142a dzia\u0142alno\u015b\u0107 wydawnicza (58.19Z)<br \/>\nu. Sprzeda\u017c detaliczna prowadzona w niewyspecjalizowanych sklepach z przewag\u0105 \u017cywno\u015bci, napoj\u00f3w i wyrob\u00f3w tytoniowych (47.11.Z);<br \/>\nv. Pozosta\u0142a sprzeda\u017c detaliczna prowadzona w niewyspecjalizowanych sklepach (47.19.Z);<br \/>\nw. Sprzeda\u017c detaliczna prowadzona przez domy sprzeda\u017cy wysy\u0142kowej lub Internet (47.91.Z);<br \/>\nx. Pozosta\u0142a sprzeda\u017c detaliczna prowadzona poza sieci\u0105 sklepow\u0105, straganami i targowiskami (47.99.Z);<br \/>\ny. Sprzeda\u017c detaliczna \u017cywno\u015bci, napoj\u00f3w i wyrob\u00f3w tytoniowych prowadzona na straganach i targowiskach (47.81.Z);<br \/>\nz. Sprzeda\u017c detaliczna wyrob\u00f3w tekstylnych, odzie\u017cy i obuwia prowadzona na straganach i targowiskach (47.82.Z);<br \/>\naa. Sprzeda\u017c detaliczna pozosta\u0142ych wyrob\u00f3w prowadzona na straganach i targowiskach (47.89.Z).<\/p>\n<h2 style=\"text-align: center;\">ROZDZIA\u0141 VI<br \/>\nLIKWIDACJA FUNDACJI<\/h2>\n<p style=\"text-align: center;\"><strong>\u00a728<\/strong><\/p>\n<p style=\"text-align: left;\">Fundacja ulega likwidacji w razie osi\u0105gni\u0119cia cel\u00f3w, dla kt\u00f3rych zosta\u0142a powo\u0142ana lub w przypadku wyczerpania swojego maj\u0105tku.<\/p>\n<p style=\"text-align: center;\"><strong>\u00a729<\/strong><\/p>\n<p>1. Decyzj\u0119 w przedmiocie likwidacji podejmuje Fundator.<br \/>\n2. Likwidatorem Fundacji mog\u0105 by\u0107 cz\u0142onkowie ostatniego Zarz\u0105du albo osoba wskazana przez Fundatora.<br \/>\n3. Maj\u0105tek pozosta\u0142y po likwidacji Fundacji zostanie w ca\u0142o\u015bci przeznaczony na cele zbli\u017cone z celami Fundacji. Konkretne cele, na jakie zostanie przeznaczony maj\u0105tek zostan\u0105 wskazane przez Fundatora.<\/p>\n<h2 style=\"text-align: center;\">ROZDZIA\u0141 VII<br \/>\nPOSTANOWIENIA KO\u0143COWE<\/h2>\n<p style=\"text-align: center;\"><strong>\u00a730<\/strong><\/p>\n<p style=\"text-align: left;\">Decyzje w przedmiocie zmiany Statutu podejmuje Fundator.<\/p>\n<p style=\"text-align: center;\"><strong>\u00a731<\/strong><\/p>\n<p style=\"text-align: left;\">Decyzje podejmowane przez Fundatora, a przewidziane postanowieniami niniejszego Statutu powinny mie\u0107 posta\u0107 pisemnych o\u015bwiadcze\u0144.<\/p>\n<p style=\"text-align: center;\"><strong>\u00a732<\/strong><\/p>\n<p style=\"text-align: left;\">Do spraw nieuregulowanych postanowieniami niniejszego Statutu zastosowanie b\u0119d\u0105 mia\u0142y przepisy ustawy z dnia 6 kwietnia 1984 o fundacjach.<\/p>\n","protected":false},"excerpt":{"rendered":"<p>Statut Fundacji \u201eEDUganda\u201d Tekst jednolity na dzie\u0144 30 lipca 2018 r. ROZDZIA\u0141 I POSTANOWIENIA OG\u00d3LNE \u00a71 Fundacja \u201eEDUganda\u201d, zwana dalej \u201eFundacj\u0105\u201d zosta\u0142a ustanowiona przez Fundatora Ma\u0142gorzat\u0119 Wildner, zwan\u0105 dalej \u201eFundatorem\u201d &#8230;<\/p>\n","protected":false},"author":1,"featured_media":0,"parent":0,"menu_order":0,"comment_status":"closed","ping_status":"closed","template":"template-fullwidth.php","meta":[],"_links":{"self":[{"href":"https:\/\/eduganda.org\/index.php\/wp-json\/wp\/v2\/pages\/1393"}],"collection":[{"href":"https:\/\/eduganda.org\/index.php\/wp-json\/wp\/v2\/pages"}],"about":[{"href":"https:\/\/eduganda.org\/index.php\/wp-json\/wp\/v2\/types\/page"}],"author":[{"embeddable":true,"href":"https:\/\/eduganda.org\/index.php\/wp-json\/wp\/v2\/users\/1"}],"replies":[{"embeddable":true,"href":"https:\/\/eduganda.org\/index.php\/wp-json\/wp\/v2\/comments?post=1393"}],"version-history":[{"count":2,"href":"https:\/\/eduganda.org\/index.php\/wp-json\/wp\/v2\/pages\/1393\/revisions"}],"predecessor-version":[{"id":1396,"href":"https:\/\/eduganda.org\/index.php\/wp-json\/wp\/v2\/pages\/1393\/revisions\/1396"}],"wp:attachment":[{"href":"https:\/\/eduganda.org\/index.php\/wp-json\/wp\/v2\/media?parent=1393"}],"curies":[{"name":"wp","href":"https:\/\/api.w.org\/{rel}","templated":true}]}}